{"id":5872,"date":"2026-09-03T08:02:42","date_gmt":"2026-09-03T08:02:42","guid":{"rendered":"https:\/\/vanhustuki.fi\/?post_type=tribe_events&#038;p=5872"},"modified":"2026-09-03T08:08:37","modified_gmt":"2026-09-03T08:08:37","slug":"turun-kiertoajelu-14-10-2026","status":"publish","type":"tribe_events","link":"https:\/\/vanhustuki.fi\/index.php\/tapahtuma\/turun-kiertoajelu-14-10-2026\/","title":{"rendered":"Turun kiertoajelu 14.10.2026"},"content":{"rendered":"\t\t<div data-elementor-type=\"tec_event_single_static\" data-elementor-id=\"5872\" class=\"elementor elementor-5872\">\n\t\t\t\t<div class=\"elementor-element elementor-element-82a856d e-flex e-con-boxed e-con e-parent\" data-id=\"82a856d\" data-element_type=\"container\" data-e-type=\"container\">\n\t\t\t\t\t<div class=\"e-con-inner\">\n\t\t\t\t<div class=\"elementor-element elementor-element-fdefc96 elementor-widget elementor-widget-heading\" data-id=\"fdefc96\" data-element_type=\"widget\" data-e-type=\"widget\" data-widget_type=\"heading.default\">\n\t\t\t\t\t<h2 class=\"elementor-heading-title elementor-size-default\">Turun kiertoajelu 14.10.2026<\/h2>\t\t\t\t<\/div>\n\t\t\t\t\t<\/div>\n\t\t\t\t<\/div>\n\t\t<div class=\"elementor-element elementor-element-9d3bbd0 e-flex e-con-boxed e-con e-parent\" data-id=\"9d3bbd0\" data-element_type=\"container\" data-e-type=\"container\">\n\t\t\t\t\t<div class=\"e-con-inner\">\n\t\t<div class=\"elementor-element elementor-element-4fd762e e-con-full e-flex e-con e-child\" data-id=\"4fd762e\" data-element_type=\"container\" data-e-type=\"container\">\n\t\t<div class=\"elementor-element elementor-element-d5220ed e-con-full e-flex e-con e-child\" data-id=\"d5220ed\" data-element_type=\"container\" data-e-type=\"container\">\n\t\t\t\t<div class=\"elementor-element elementor-element-c94b881 elementor-widget elementor-widget-text-editor\" data-id=\"c94b881\" data-element_type=\"widget\" data-e-type=\"widget\" data-widget_type=\"text-editor.default\">\n\t\t\t\t\t\t\t\t\t<p>Tule viett\u00e4m\u00e4\u00e4n mukava p\u00e4iv\u00e4 tutussa kaupungissa uusin silmin.\u00a0<\/p>\t\t\t\t\t\t\t\t<\/div>\n\t\t\t\t<\/div>\n\t\t\t\t<\/div>\n\t\t\t\t\t<\/div>\n\t\t\t\t<\/div>\n\t\t<div class=\"elementor-element elementor-element-55df998 e-flex e-con-boxed e-con e-parent\" data-id=\"55df998\" data-element_type=\"container\" data-e-type=\"container\">\n\t\t\t\t\t<div class=\"e-con-inner\">\n\t\t<div class=\"elementor-element elementor-element-e240613 e-con-full e-flex e-con e-child\" data-id=\"e240613\" data-element_type=\"container\" data-e-type=\"container\">\n\t\t\t\t<div class=\"elementor-element elementor-element-28d778e elementor-widget elementor-widget-text-editor\" data-id=\"28d778e\" data-element_type=\"widget\" data-e-type=\"widget\" data-widget_type=\"text-editor.default\">\n\t\t\t\t\t\t\t\t\t<p>Bussikierroksella ajelemme Turun keskustassa ja l\u00e4hialueilla oppaan kertoessa kaupungin historiasta, paikoista ja tarinoista. Kierroksen p\u00e4\u00e4tteeksi nautimme yhdess\u00e4 lounaan ravintola G\u00f6ranissa.<\/p>\t\t\t\t\t\t\t\t<\/div>\n\t\t\t\t<\/div>\n\t\t\t\t\t<\/div>\n\t\t\t\t<\/div>\n\t\t<div class=\"elementor-element elementor-element-403ddd7 e-flex e-con-boxed e-con e-parent\" data-id=\"403ddd7\" data-element_type=\"container\" data-e-type=\"container\">\n\t\t\t\t\t<div class=\"e-con-inner\">\n\t\t<div class=\"elementor-element elementor-element-5d3eed8 e-con-full e-flex e-con e-child\" data-id=\"5d3eed8\" data-element_type=\"container\" data-e-type=\"container\">\n\t\t\t\t<div class=\"elementor-element elementor-element-b30c142 elementor-widget elementor-widget-text-editor\" data-id=\"b30c142\" data-element_type=\"widget\" data-e-type=\"widget\" data-widget_type=\"text-editor.default\">\n\t\t\t\t\t\t\t\t\t<p><b>L\u00e4ht\u00f6ajat:<\/b><\/p><p>klo 11.00 Lehmusvalkama<\/p><p>klo 11.30 Ruusukortteli<\/p><p style=\"box-sizing: border-box; margin-block: 0px 0.9rem; color: #000000; font-family: Poppins, sans-serif; font-size: 16px; font-style: normal; font-variant-ligatures: normal; font-variant-caps: normal; font-weight: 300; letter-spacing: normal; orphans: 2; text-align: start; text-indent: 0px; text-transform: none; widows: 2; word-spacing: 0px; -webkit-text-stroke-width: 0px; white-space: normal; text-decoration-thickness: initial; text-decoration-style: initial; text-decoration-color: initial;\"><span style=\"box-sizing: border-box;\">Lounaan j\u00e4lkeen palaamme Ruusukorttelin kautta\u00a0Lehmusvalkamaan\u00a0niin, ett\u00e4 Lehmusvalkamassa olemme viimeist\u00e4\u00e4n klo 15.30.<\/span><\/p>\t\t\t\t\t\t\t\t<\/div>\n\t\t\t\t<\/div>\n\t\t<div class=\"elementor-element elementor-element-e5b430d e-con-full e-flex e-con e-child\" data-id=\"e5b430d\" data-element_type=\"container\" data-e-type=\"container\">\n\t\t\t\t<div class=\"elementor-element elementor-element-19f92da elementor-widget elementor-widget-text-editor\" data-id=\"19f92da\" data-element_type=\"widget\" data-e-type=\"widget\" data-widget_type=\"text-editor.default\">\n\t\t\t\t\t\t\t\t\t<p class=\"cvGsUA block-font-kerning-normal block-font-feature-liga-off block-font-feature-clig-off block-font-feature-calt-off direction-ltr align-start\"><b><span class=\"a_GcMg font-feature-liga-off font-feature-clig-off font-feature-calt-off text-decoration-none text-strikethrough-none\">Hinta<\/span><span class=\"a_GcMg font-feature-liga-off font-feature-clig-off font-feature-calt-off text-decoration-none text-strikethrough-none\">: 20 \u20ac\/j\u00e4sen ja 25 \u20ac\/ei-j\u00e4sen<\/span><\/b><\/p>\n<p class=\"cvGsUA block-font-kerning-normal block-font-feature-liga-off block-font-feature-clig-off block-font-feature-calt-off direction-ltr align-start\"><span class=\"a_GcMg font-feature-liga-off font-feature-clig-off font-feature-calt-off text-decoration-none text-strikethrough-none\">Hinta sis\u00e4lt\u00e4\u00e4 kuljetuksen, opastuksen sek\u00e4 lounaan.<\/span><\/p>\n<p class=\"cvGsUA block-font-kerning-normal block-font-feature-liga-off block-font-feature-clig-off block-font-feature-calt-off direction-ltr align-start\"><span class=\"a_GcMg font-feature-liga-off font-feature-clig-off font-feature-calt-off text-decoration-none text-strikethrough-none\"><b> Ilmoittautumiset:&nbsp;<\/b><\/span><span class=\"a_GcMg font-feature-liga-off font-feature-clig-off font-feature-calt-off text-decoration-none text-strikethrough-none\">Yhdistyksen toimistolle p. 044 536 7741 tai&nbsp;<a href=\"https:\/\/vanhustuki.fi\/index.php\/ilmoittaudu-tapahtumiin-ja-retkille\/\" target=\"_blank\">nettisivujen kautta<\/a>. Viimeinen ilmoittautumisp\u00e4iv\u00e4 5.10. Ilmoittauduthan pian, sill\u00e4 retkemme t\u00e4yttyv\u00e4t yleens\u00e4 nopeasti.<\/span><\/p>\t\t\t\t\t\t\t\t<\/div>\n\t\t\t\t<\/div>\n\t\t\t\t\t<\/div>\n\t\t\t\t<\/div>\n\t\t\t\t<\/div>\n\t\t","protected":false},"excerpt":{"rendered":"<p>Turun kiertoajelu 14.10.2026 Tule viett\u00e4m\u00e4\u00e4n mukava p\u00e4iv\u00e4 tutussa kaupungissa uusin silmin.\u00a0 Bussikierroksella ajelemme Turun keskustassa ja l\u00e4hialueilla oppaan kertoessa kaupungin historiasta, paikoista ja tarinoista. Kierroksen p\u00e4\u00e4tteeksi nautimme yhdess\u00e4 lounaan ravintola [&hellip;]<\/p>\n","protected":false},"author":2,"featured_media":0,"template":"","meta":{"_tribe_events_status":"","_tribe_events_status_reason":"","footnotes":""},"tags":[],"tribe_events_cat":[8],"class_list":["post-5872","tribe_events","type-tribe_events","status-publish","hentry","tribe_events_cat-retket","cat_retket"],"yoast_head":"<!-- This site is optimized with the Yoast SEO plugin v28.4 - https:\/\/yoast.com\/product\/yoast-seo-wordpress\/ -->\n<title>Turun kiertoajelu 14.10.2026 - Turun Seudun Vanhustuki ry<\/title>\n<meta name=\"robots\" content=\"index, follow, max-snippet:-1, max-image-preview:large, max-video-preview:-1\" \/>\n<link rel=\"canonical\" href=\"https:\/\/vanhustuki.fi\/index.php\/tapahtuma\/turun-kiertoajelu-14-10-2026\/\" \/>\n<meta property=\"og:locale\" content=\"fi_FI\" \/>\n<meta property=\"og:type\" content=\"article\" \/>\n<meta property=\"og:title\" content=\"Turun kiertoajelu 14.10.2026 - Turun Seudun Vanhustuki ry\" \/>\n<meta property=\"og:description\" content=\"Turun kiertoajelu 14.10.2026 Tule viett\u00e4m\u00e4\u00e4n mukava p\u00e4iv\u00e4 tutussa kaupungissa uusin silmin.\u00a0 Bussikierroksella ajelemme Turun keskustassa ja l\u00e4hialueilla oppaan kertoessa kaupungin historiasta, paikoista ja tarinoista. Kierroksen p\u00e4\u00e4tteeksi nautimme yhdess\u00e4 lounaan ravintola [&hellip;]\" \/>\n<meta property=\"og:url\" content=\"https:\/\/vanhustuki.fi\/index.php\/tapahtuma\/turun-kiertoajelu-14-10-2026\/\" \/>\n<meta property=\"og:site_name\" content=\"Turun Seudun Vanhustuki ry\" \/>\n<meta property=\"article:modified_time\" content=\"2026-09-03T08:08:37+00:00\" \/>\n<meta name=\"twitter:card\" content=\"summary_large_image\" \/>\n<meta name=\"twitter:label1\" content=\"Arvioitu lukuaika\" \/>\n\t<meta name=\"twitter:data1\" content=\"1 minuutti\" \/>\n<script type=\"application\/ld+json\" class=\"yoast-schema-graph\">{\"@context\":\"https:\\\/\\\/schema.org\",\"@graph\":[{\"@type\":\"WebPage\",\"@id\":\"https:\\\/\\\/vanhustuki.fi\\\/index.php\\\/tapahtuma\\\/turun-kiertoajelu-14-10-2026\\\/\",\"url\":\"https:\\\/\\\/vanhustuki.fi\\\/index.php\\\/tapahtuma\\\/turun-kiertoajelu-14-10-2026\\\/\",\"name\":\"Turun kiertoajelu 14.10.2026 - Turun Seudun Vanhustuki ry\",\"isPartOf\":{\"@id\":\"https:\\\/\\\/vanhustuki.fi\\\/#website\"},\"datePublished\":\"2026-09-03T08:02:42+00:00\",\"dateModified\":\"2026-09-03T08:08:37+00:00\",\"breadcrumb\":{\"@id\":\"https:\\\/\\\/vanhustuki.fi\\\/index.php\\\/tapahtuma\\\/turun-kiertoajelu-14-10-2026\\\/#breadcrumb\"},\"inLanguage\":\"fi\",\"potentialAction\":[{\"@type\":\"ReadAction\",\"target\":[\"https:\\\/\\\/vanhustuki.fi\\\/index.php\\\/tapahtuma\\\/turun-kiertoajelu-14-10-2026\\\/\"]}]},{\"@type\":\"BreadcrumbList\",\"@id\":\"https:\\\/\\\/vanhustuki.fi\\\/index.php\\\/tapahtuma\\\/turun-kiertoajelu-14-10-2026\\\/#breadcrumb\",\"itemListElement\":[{\"@type\":\"ListItem\",\"position\":1,\"name\":\"Etusivu\",\"item\":\"https:\\\/\\\/vanhustuki.fi\\\/\"},{\"@type\":\"ListItem\",\"position\":2,\"name\":\"Tapahtumat\",\"item\":\"https:\\\/\\\/vanhustuki.fi\\\/index.php\\\/tapahtumat\\\/\"},{\"@type\":\"ListItem\",\"position\":3,\"name\":\"Turun kiertoajelu 14.10.2026\"}]},{\"@type\":\"WebSite\",\"@id\":\"https:\\\/\\\/vanhustuki.fi\\\/#website\",\"url\":\"https:\\\/\\\/vanhustuki.fi\\\/\",\"name\":\"Turun Seudun Vanhustuki ry\",\"description\":\"\",\"publisher\":{\"@id\":\"https:\\\/\\\/vanhustuki.fi\\\/#organization\"},\"potentialAction\":[{\"@type\":\"SearchAction\",\"target\":{\"@type\":\"EntryPoint\",\"urlTemplate\":\"https:\\\/\\\/vanhustuki.fi\\\/?s={search_term_string}\"},\"query-input\":{\"@type\":\"PropertyValueSpecification\",\"valueRequired\":true,\"valueName\":\"search_term_string\"}}],\"inLanguage\":\"fi\"},{\"@type\":\"Organization\",\"@id\":\"https:\\\/\\\/vanhustuki.fi\\\/#organization\",\"name\":\"Turun Seudun Vanhustuki ry\",\"url\":\"https:\\\/\\\/vanhustuki.fi\\\/\",\"logo\":{\"@type\":\"ImageObject\",\"inLanguage\":\"fi\",\"@id\":\"https:\\\/\\\/vanhustuki.fi\\\/#\\\/schema\\\/logo\\\/image\\\/\",\"url\":\"https:\\\/\\\/i0.wp.com\\\/vanhustuki.fi\\\/wp-content\\\/uploads\\\/2025\\\/11\\\/logo-lapinakyva-tausta-scaled.png?fit=2543%2C2560&ssl=1\",\"contentUrl\":\"https:\\\/\\\/i0.wp.com\\\/vanhustuki.fi\\\/wp-content\\\/uploads\\\/2025\\\/11\\\/logo-lapinakyva-tausta-scaled.png?fit=2543%2C2560&ssl=1\",\"width\":2543,\"height\":2560,\"caption\":\"Turun Seudun Vanhustuki ry\"},\"image\":{\"@id\":\"https:\\\/\\\/vanhustuki.fi\\\/#\\\/schema\\\/logo\\\/image\\\/\"}}]}<\/script>\n<!-- \/ Yoast SEO plugin. -->","yoast_head_json":{"title":"Turun kiertoajelu 14.10.2026 - Turun Seudun Vanhustuki ry","robots":{"index":"index","follow":"follow","max-snippet":"max-snippet:-1","max-image-preview":"max-image-preview:large","max-video-preview":"max-video-preview:-1"},"canonical":"https:\/\/vanhustuki.fi\/index.php\/tapahtuma\/turun-kiertoajelu-14-10-2026\/","og_locale":"fi_FI","og_type":"article","og_title":"Turun kiertoajelu 14.10.2026 - Turun Seudun Vanhustuki ry","og_description":"Turun kiertoajelu 14.10.2026 Tule viett\u00e4m\u00e4\u00e4n mukava p\u00e4iv\u00e4 tutussa kaupungissa uusin silmin.\u00a0 Bussikierroksella ajelemme Turun keskustassa ja l\u00e4hialueilla oppaan kertoessa kaupungin historiasta, paikoista ja tarinoista. Kierroksen p\u00e4\u00e4tteeksi nautimme yhdess\u00e4 lounaan ravintola [&hellip;]","og_url":"https:\/\/vanhustuki.fi\/index.php\/tapahtuma\/turun-kiertoajelu-14-10-2026\/","og_site_name":"Turun Seudun Vanhustuki ry","article_modified_time":"2026-09-03T08:08:37+00:00","twitter_card":"summary_large_image","twitter_misc":{"Arvioitu lukuaika":"1 minuutti"},"schema":{"@context":"https:\/\/schema.org","@graph":[{"@type":"WebPage","@id":"https:\/\/vanhustuki.fi\/index.php\/tapahtuma\/turun-kiertoajelu-14-10-2026\/","url":"https:\/\/vanhustuki.fi\/index.php\/tapahtuma\/turun-kiertoajelu-14-10-2026\/","name":"Turun kiertoajelu 14.10.2026 - Turun Seudun Vanhustuki ry","isPartOf":{"@id":"https:\/\/vanhustuki.fi\/#website"},"datePublished":"2026-09-03T08:02:42+00:00","dateModified":"2026-09-03T08:08:37+00:00","breadcrumb":{"@id":"https:\/\/vanhustuki.fi\/index.php\/tapahtuma\/turun-kiertoajelu-14-10-2026\/#breadcrumb"},"inLanguage":"fi","potentialAction":[{"@type":"ReadAction","target":["https:\/\/vanhustuki.fi\/index.php\/tapahtuma\/turun-kiertoajelu-14-10-2026\/"]}]},{"@type":"BreadcrumbList","@id":"https:\/\/vanhustuki.fi\/index.php\/tapahtuma\/turun-kiertoajelu-14-10-2026\/#breadcrumb","itemListElement":[{"@type":"ListItem","position":1,"name":"Etusivu","item":"https:\/\/vanhustuki.fi\/"},{"@type":"ListItem","position":2,"name":"Tapahtumat","item":"https:\/\/vanhustuki.fi\/index.php\/tapahtumat\/"},{"@type":"ListItem","position":3,"name":"Turun kiertoajelu 14.10.2026"}]},{"@type":"WebSite","@id":"https:\/\/vanhustuki.fi\/#website","url":"https:\/\/vanhustuki.fi\/","name":"Turun Seudun Vanhustuki ry","description":"","publisher":{"@id":"https:\/\/vanhustuki.fi\/#organization"},"potentialAction":[{"@type":"SearchAction","target":{"@type":"EntryPoint","urlTemplate":"https:\/\/vanhustuki.fi\/?s={search_term_string}"},"query-input":{"@type":"PropertyValueSpecification","valueRequired":true,"valueName":"search_term_string"}}],"inLanguage":"fi"},{"@type":"Organization","@id":"https:\/\/vanhustuki.fi\/#organization","name":"Turun Seudun Vanhustuki ry","url":"https:\/\/vanhustuki.fi\/","logo":{"@type":"ImageObject","inLanguage":"fi","@id":"https:\/\/vanhustuki.fi\/#\/schema\/logo\/image\/","url":"https:\/\/i0.wp.com\/vanhustuki.fi\/wp-content\/uploads\/2025\/11\/logo-lapinakyva-tausta-scaled.png?fit=2543%2C2560&ssl=1","contentUrl":"https:\/\/i0.wp.com\/vanhustuki.fi\/wp-content\/uploads\/2025\/11\/logo-lapinakyva-tausta-scaled.png?fit=2543%2C2560&ssl=1","width":2543,"height":2560,"caption":"Turun Seudun Vanhustuki ry"},"image":{"@id":"https:\/\/vanhustuki.fi\/#\/schema\/logo\/image\/"}}]}},"jetpack_sharing_enabled":true,"_links":{"self":[{"href":"https:\/\/vanhustuki.fi\/index.php\/wp-json\/wp\/v2\/tribe_events\/5872","targetHints":{"allow":["GET"]}}],"collection":[{"href":"https:\/\/vanhustuki.fi\/index.php\/wp-json\/wp\/v2\/tribe_events"}],"about":[{"href":"https:\/\/vanhustuki.fi\/index.php\/wp-json\/wp\/v2\/types\/tribe_events"}],"author":[{"embeddable":true,"href":"https:\/\/vanhustuki.fi\/index.php\/wp-json\/wp\/v2\/users\/2"}],"version-history":[{"count":11,"href":"https:\/\/vanhustuki.fi\/index.php\/wp-json\/wp\/v2\/tribe_events\/5872\/revisions"}],"predecessor-version":[{"id":5883,"href":"https:\/\/vanhustuki.fi\/index.php\/wp-json\/wp\/v2\/tribe_events\/5872\/revisions\/5883"}],"wp:attachment":[{"href":"https:\/\/vanhustuki.fi\/index.php\/wp-json\/wp\/v2\/media?parent=5872"}],"wp:term":[{"taxonomy":"post_tag","embeddable":true,"href":"https:\/\/vanhustuki.fi\/index.php\/wp-json\/wp\/v2\/tags?post=5872"},{"taxonomy":"tribe_events_cat","embeddable":true,"href":"https:\/\/vanhustuki.fi\/index.php\/wp-json\/wp\/v2\/tribe_events_cat?post=5872"}],"curies":[{"name":"wp","href":"https:\/\/api.w.org\/{rel}","templated":true}]}}