{"id":4610,"date":"2026-03-10T11:57:32","date_gmt":"2026-03-10T11:57:32","guid":{"rendered":"https:\/\/vanhustuki.fi\/?post_type=tribe_events&#038;p=4610"},"modified":"2026-03-10T12:28:54","modified_gmt":"2026-03-10T12:28:54","slug":"kesaajan-ulkoiluystavien-perehdytys","status":"publish","type":"tribe_events","link":"https:\/\/vanhustuki.fi\/index.php\/tapahtuma\/kesaajan-ulkoiluystavien-perehdytys\/","title":{"rendered":"Kes\u00e4ajan ulkoiluyst\u00e4vien perehdytys 6.5.2026"},"content":{"rendered":"<p><strong>L\u00e4htisitk\u00f6 sin\u00e4 ulkoiluseuraksi ik\u00e4\u00e4ntyneelle?<\/strong><\/p>\n<p><span class=\"a_GcMg font-feature-liga-off font-feature-clig-off font-feature-calt-off text-decoration-none text-strikethrough-none\">Ulkoiluyst\u00e4v\u00e4n\u00e4 toimit ulkoiluseurana ik\u00e4\u00e4ntyneelle kes\u00e4-elokuun ajan 2 kertaa\/kk (n. 1-2 h\/kerta). Toiminta on suunnattu yli 70-vuotiaille Turun seudulla kotona yksin asuvalle. Ulkoiluyst\u00e4viksi voivat l\u00e4hte\u00e4 kaikki t\u00e4ysi-ik\u00e4iset ja mukaan toimintaan p\u00e4\u00e4set k\u00e4ym\u00e4ll\u00e4 kahden tunnin mittaisen kurssin. <\/span><\/p>\n<p>Perehdyt\u00e4mme kes\u00e4ajan ulkoiluyst\u00e4v\u00e4ksi<strong>\u00a0keskiviikkona 6.5. klo 16.30-18.30.<\/strong> Mik\u00e4li ajankohta ei sovi niin ole yhteydess\u00e4 ja katsotaan sopiva ajankohta perehdytykselle.<\/p>\n<p class=\"cvGsUA direction-ltr align-start para-style-body\"><strong><span class=\"a_GcMg font-feature-liga-off font-feature-clig-off font-feature-calt-off text-decoration-none text-strikethrough-none\">Kenelle ulkoiluyst\u00e4v\u00e4n\u00e4 toimiminen sopii ja mit\u00e4 hy\u00f6ty\u00e4 siit\u00e4 on?<\/span><\/strong><\/p>\n<p class=\"cvGsUA direction-ltr align-start para-style-body\"><span class=\"a_GcMg font-feature-liga-off font-feature-clig-off font-feature-calt-off text-decoration-none text-strikethrough-none\">Kaikille, jotka haluavat mahdollistaa ik\u00e4\u00e4ntyneelle s\u00e4\u00e4nn\u00f6llisen ulkoilun kes\u00e4n aikana. I\u00e4ll\u00e4si ei ole merkityst\u00e4, kunhan olet t\u00e4ysi-ik\u00e4inen.<\/span><\/p>\n<p class=\"cvGsUA direction-ltr align-start para-style-body\"><span class=\"a_GcMg font-feature-liga-off font-feature-clig-off font-feature-calt-off text-decoration-none text-strikethrough-none\">Yhdess\u00e4 liikkuminen tukee i\u00e4kk\u00e4\u00e4n hyvinvointia ja tuo seuraa arkeen. Yhdess\u00e4 ulkoilemaan l\u00e4hteminen tuo turvaa sek\u00e4 motivoi liikkumiseen.<\/span><\/p>\n<p class=\"cvGsUA direction-ltr align-start para-style-body\">Ulkoiluyst\u00e4v\u00e4n\u00e4 p\u00e4\u00e4set viett\u00e4m\u00e4\u00e4n aikaa raittiissa ilmassa ja saat samalla juttuseuraa itsekin.<\/p>\n<p>Kes\u00e4ajan ulkoiluyst\u00e4vyys on hyv\u00e4 keino kokeilla vapaaehtoistoimintaa, sill\u00e4 toiminnan kesto on 3kk eik\u00e4 se sido sinua pidemm\u00e4ksi ajaksi.<\/p>\n<p><strong>Mit\u00e4 kurssilla k\u00e4yd\u00e4\u00e4n l\u00e4pi?<\/strong><\/p>\n<p class=\"cvGsUA direction-ltr align-start para-style-body\"><span class=\"a_GcMg font-feature-liga-off font-feature-clig-off font-feature-calt-off text-decoration-none text-strikethrough-none\">Kurssilla k\u00e4yd\u00e4\u00e4n l\u00e4pi perustietoja yhdistyksest\u00e4 sek\u00e4 vapaaehtoistoiminnasta meill\u00e4. Lis\u00e4ksi k\u00e4yd\u00e4\u00e4n l\u00e4pi ulkoilun hy\u00f6tyj\u00e4 sek\u00e4 mit\u00e4 ottaa huomioon ulkoillessa i\u00e4kk\u00e4\u00e4n kanssa.<\/span><\/p>\n<p>Kurssin vet\u00e4v\u00e4t Tukiyst\u00e4v\u00e4toiminnan koordinaattorit Vera Holm ja Lotta Robertsson, jotka ovat molemmat k\u00e4yneet <a href=\"https:\/\/www.ikainstituutti.fi\/\">Ik\u00e4instituutin<\/a> Ulkoiluyst\u00e4v\u00e4ksi i\u00e4kk\u00e4\u00e4lle -kouluttajakoulutuksen.<\/p>\n<p><strong>Ilmoittaudu kurssille <a href=\"https:\/\/vanhustuki.fi\/index.php\/vapaaehtoistoiminta\/\">nettisivujemme kautta!<\/a><\/strong> L\u00f6yd\u00e4t ilmoittautumiskohdan &#8221;vapaaehtoistoiminnan alkuinfon&#8221; alta. Voit my\u00f6s ilmoittautuaTukiyst\u00e4v\u00e4toiminnan koordinaatorille Adalle p. <span class=\"a_GcMg font-feature-liga-off font-feature-clig-off font-feature-calt-off text-decoration-none text-strikethrough-none\">040 709 0073. Ada antaa my\u00f6s mielell\u00e4\u00e4n lis\u00e4tietoja toiminnasta!<\/span><\/p>\n<p>&nbsp;<\/p>\n<p>&nbsp;<\/p>\n","protected":false},"excerpt":{"rendered":"<p>L\u00e4htisitk\u00f6 sin\u00e4 ulkoiluseuraksi ik\u00e4\u00e4ntyneelle? Ulkoiluyst\u00e4v\u00e4n\u00e4 toimit ulkoiluseurana ik\u00e4\u00e4ntyneelle kes\u00e4-elokuun ajan 2 kertaa\/kk (n. 1-2 h\/kerta). Toiminta on suunnattu yli 70-vuotiaille Turun seudulla kotona yksin asuvalle. Ulkoiluyst\u00e4viksi voivat l\u00e4hte\u00e4 kaikki t\u00e4ysi-ik\u00e4iset [&hellip;]<\/p>\n","protected":false},"author":2,"featured_media":252,"template":"","meta":{"_tribe_events_status":"","_tribe_events_status_reason":"","footnotes":""},"tags":[],"tribe_events_cat":[10],"class_list":["post-4610","tribe_events","type-tribe_events","status-publish","has-post-thumbnail","hentry","tribe_events_cat-vapaaehtoistoiminnan-alkuinfo","cat_vapaaehtoistoiminnan-alkuinfo"],"yoast_head":"<!-- This site is optimized with the Yoast SEO plugin v27.5 - https:\/\/yoast.com\/product\/yoast-seo-wordpress\/ -->\n<title>Kes\u00e4ajan ulkoiluyst\u00e4vien perehdytys 6.5.2026 - Turun Seudun Vanhustuki ry<\/title>\n<meta name=\"description\" content=\"Perehdyt\u00e4mme j\u00e4lleen kes\u00e4ajan ulkoiluyst\u00e4vi\u00e4 Turun Seudulla kotona asuville ik\u00e4\u00e4ntyneille. L\u00e4htisitk\u00f6 sin\u00e4 ulkoiluseuraksi ik\u00e4\u00e4ntyneelle?\" \/>\n<meta name=\"robots\" content=\"index, follow, max-snippet:-1, max-image-preview:large, max-video-preview:-1\" \/>\n<link rel=\"canonical\" href=\"https:\/\/vanhustuki.fi\/index.php\/tapahtuma\/kesaajan-ulkoiluystavien-perehdytys\/\" \/>\n<meta property=\"og:locale\" content=\"fi_FI\" \/>\n<meta property=\"og:type\" content=\"article\" \/>\n<meta property=\"og:title\" content=\"Kes\u00e4ajan ulkoiluyst\u00e4vien perehdytys 6.5.2026 - Turun Seudun Vanhustuki ry\" \/>\n<meta property=\"og:description\" content=\"Perehdyt\u00e4mme j\u00e4lleen kes\u00e4ajan ulkoiluyst\u00e4vi\u00e4 Turun Seudulla kotona asuville ik\u00e4\u00e4ntyneille. L\u00e4htisitk\u00f6 sin\u00e4 ulkoiluseuraksi ik\u00e4\u00e4ntyneelle?\" \/>\n<meta property=\"og:url\" content=\"https:\/\/vanhustuki.fi\/index.php\/tapahtuma\/kesaajan-ulkoiluystavien-perehdytys\/\" \/>\n<meta property=\"og:site_name\" content=\"Turun Seudun Vanhustuki ry\" \/>\n<meta property=\"article:modified_time\" content=\"2026-03-10T12:28:54+00:00\" \/>\n<meta property=\"og:image\" content=\"https:\/\/vanhustuki.fi\/wp-content\/uploads\/2025\/11\/WhatsApp-Image-2024-08-20-at-10.58.56.jpg\" \/>\n\t<meta property=\"og:image:width\" content=\"1655\" \/>\n\t<meta property=\"og:image:height\" content=\"1540\" \/>\n\t<meta property=\"og:image:type\" content=\"image\/jpeg\" \/>\n<meta name=\"twitter:card\" content=\"summary_large_image\" \/>\n<meta name=\"twitter:label1\" content=\"Arvioitu lukuaika\" \/>\n\t<meta name=\"twitter:data1\" content=\"2 minuuttia\" \/>\n<script type=\"application\/ld+json\" class=\"yoast-schema-graph\">{\"@context\":\"https:\\\/\\\/schema.org\",\"@graph\":[{\"@type\":\"WebPage\",\"@id\":\"https:\\\/\\\/vanhustuki.fi\\\/index.php\\\/tapahtuma\\\/kesaajan-ulkoiluystavien-perehdytys\\\/\",\"url\":\"https:\\\/\\\/vanhustuki.fi\\\/index.php\\\/tapahtuma\\\/kesaajan-ulkoiluystavien-perehdytys\\\/\",\"name\":\"Kes\u00e4ajan ulkoiluyst\u00e4vien perehdytys 6.5.2026 - Turun Seudun Vanhustuki ry\",\"isPartOf\":{\"@id\":\"https:\\\/\\\/vanhustuki.fi\\\/#website\"},\"primaryImageOfPage\":{\"@id\":\"https:\\\/\\\/vanhustuki.fi\\\/index.php\\\/tapahtuma\\\/kesaajan-ulkoiluystavien-perehdytys\\\/#primaryimage\"},\"image\":{\"@id\":\"https:\\\/\\\/vanhustuki.fi\\\/index.php\\\/tapahtuma\\\/kesaajan-ulkoiluystavien-perehdytys\\\/#primaryimage\"},\"thumbnailUrl\":\"https:\\\/\\\/i0.wp.com\\\/vanhustuki.fi\\\/wp-content\\\/uploads\\\/2025\\\/11\\\/WhatsApp-Image-2024-08-20-at-10.58.56.jpg?fit=1655%2C1540&ssl=1\",\"datePublished\":\"2026-03-10T11:57:32+00:00\",\"dateModified\":\"2026-03-10T12:28:54+00:00\",\"description\":\"Perehdyt\u00e4mme j\u00e4lleen kes\u00e4ajan ulkoiluyst\u00e4vi\u00e4 Turun Seudulla kotona asuville ik\u00e4\u00e4ntyneille. L\u00e4htisitk\u00f6 sin\u00e4 ulkoiluseuraksi ik\u00e4\u00e4ntyneelle?\",\"breadcrumb\":{\"@id\":\"https:\\\/\\\/vanhustuki.fi\\\/index.php\\\/tapahtuma\\\/kesaajan-ulkoiluystavien-perehdytys\\\/#breadcrumb\"},\"inLanguage\":\"fi\",\"potentialAction\":[{\"@type\":\"ReadAction\",\"target\":[\"https:\\\/\\\/vanhustuki.fi\\\/index.php\\\/tapahtuma\\\/kesaajan-ulkoiluystavien-perehdytys\\\/\"]}]},{\"@type\":\"ImageObject\",\"inLanguage\":\"fi\",\"@id\":\"https:\\\/\\\/vanhustuki.fi\\\/index.php\\\/tapahtuma\\\/kesaajan-ulkoiluystavien-perehdytys\\\/#primaryimage\",\"url\":\"https:\\\/\\\/i0.wp.com\\\/vanhustuki.fi\\\/wp-content\\\/uploads\\\/2025\\\/11\\\/WhatsApp-Image-2024-08-20-at-10.58.56.jpg?fit=1655%2C1540&ssl=1\",\"contentUrl\":\"https:\\\/\\\/i0.wp.com\\\/vanhustuki.fi\\\/wp-content\\\/uploads\\\/2025\\\/11\\\/WhatsApp-Image-2024-08-20-at-10.58.56.jpg?fit=1655%2C1540&ssl=1\",\"width\":1655,\"height\":1540,\"caption\":\"Vapaaehtoinen toimii ik\u00e4\u00e4ntyneen yhdess\u00e4olo seurana ja yst\u00e4v\u00e4n\u00e4\"},{\"@type\":\"BreadcrumbList\",\"@id\":\"https:\\\/\\\/vanhustuki.fi\\\/index.php\\\/tapahtuma\\\/kesaajan-ulkoiluystavien-perehdytys\\\/#breadcrumb\",\"itemListElement\":[{\"@type\":\"ListItem\",\"position\":1,\"name\":\"Etusivu\",\"item\":\"https:\\\/\\\/vanhustuki.fi\\\/\"},{\"@type\":\"ListItem\",\"position\":2,\"name\":\"Tapahtumat\",\"item\":\"https:\\\/\\\/vanhustuki.fi\\\/index.php\\\/tapahtumat\\\/\"},{\"@type\":\"ListItem\",\"position\":3,\"name\":\"Kes\u00e4ajan ulkoiluyst\u00e4vien perehdytys 6.5.2026\"}]},{\"@type\":\"WebSite\",\"@id\":\"https:\\\/\\\/vanhustuki.fi\\\/#website\",\"url\":\"https:\\\/\\\/vanhustuki.fi\\\/\",\"name\":\"Turun Seudun Vanhustuki ry\",\"description\":\"\",\"publisher\":{\"@id\":\"https:\\\/\\\/vanhustuki.fi\\\/#organization\"},\"potentialAction\":[{\"@type\":\"SearchAction\",\"target\":{\"@type\":\"EntryPoint\",\"urlTemplate\":\"https:\\\/\\\/vanhustuki.fi\\\/?s={search_term_string}\"},\"query-input\":{\"@type\":\"PropertyValueSpecification\",\"valueRequired\":true,\"valueName\":\"search_term_string\"}}],\"inLanguage\":\"fi\"},{\"@type\":\"Organization\",\"@id\":\"https:\\\/\\\/vanhustuki.fi\\\/#organization\",\"name\":\"Turun Seudun Vanhustuki ry\",\"url\":\"https:\\\/\\\/vanhustuki.fi\\\/\",\"logo\":{\"@type\":\"ImageObject\",\"inLanguage\":\"fi\",\"@id\":\"https:\\\/\\\/vanhustuki.fi\\\/#\\\/schema\\\/logo\\\/image\\\/\",\"url\":\"https:\\\/\\\/i0.wp.com\\\/vanhustuki.fi\\\/wp-content\\\/uploads\\\/2025\\\/11\\\/logo-lapinakyva-tausta-scaled.png?fit=2543%2C2560&ssl=1\",\"contentUrl\":\"https:\\\/\\\/i0.wp.com\\\/vanhustuki.fi\\\/wp-content\\\/uploads\\\/2025\\\/11\\\/logo-lapinakyva-tausta-scaled.png?fit=2543%2C2560&ssl=1\",\"width\":2543,\"height\":2560,\"caption\":\"Turun Seudun Vanhustuki ry\"},\"image\":{\"@id\":\"https:\\\/\\\/vanhustuki.fi\\\/#\\\/schema\\\/logo\\\/image\\\/\"}}]}<\/script>\n<!-- \/ Yoast SEO plugin. -->","yoast_head_json":{"title":"Kes\u00e4ajan ulkoiluyst\u00e4vien perehdytys 6.5.2026 - Turun Seudun Vanhustuki ry","description":"Perehdyt\u00e4mme j\u00e4lleen kes\u00e4ajan ulkoiluyst\u00e4vi\u00e4 Turun Seudulla kotona asuville ik\u00e4\u00e4ntyneille. L\u00e4htisitk\u00f6 sin\u00e4 ulkoiluseuraksi ik\u00e4\u00e4ntyneelle?","robots":{"index":"index","follow":"follow","max-snippet":"max-snippet:-1","max-image-preview":"max-image-preview:large","max-video-preview":"max-video-preview:-1"},"canonical":"https:\/\/vanhustuki.fi\/index.php\/tapahtuma\/kesaajan-ulkoiluystavien-perehdytys\/","og_locale":"fi_FI","og_type":"article","og_title":"Kes\u00e4ajan ulkoiluyst\u00e4vien perehdytys 6.5.2026 - Turun Seudun Vanhustuki ry","og_description":"Perehdyt\u00e4mme j\u00e4lleen kes\u00e4ajan ulkoiluyst\u00e4vi\u00e4 Turun Seudulla kotona asuville ik\u00e4\u00e4ntyneille. L\u00e4htisitk\u00f6 sin\u00e4 ulkoiluseuraksi ik\u00e4\u00e4ntyneelle?","og_url":"https:\/\/vanhustuki.fi\/index.php\/tapahtuma\/kesaajan-ulkoiluystavien-perehdytys\/","og_site_name":"Turun Seudun Vanhustuki ry","article_modified_time":"2026-03-10T12:28:54+00:00","og_image":[{"width":1655,"height":1540,"url":"https:\/\/vanhustuki.fi\/wp-content\/uploads\/2025\/11\/WhatsApp-Image-2024-08-20-at-10.58.56.jpg","type":"image\/jpeg"}],"twitter_card":"summary_large_image","twitter_misc":{"Arvioitu lukuaika":"2 minuuttia"},"schema":{"@context":"https:\/\/schema.org","@graph":[{"@type":"WebPage","@id":"https:\/\/vanhustuki.fi\/index.php\/tapahtuma\/kesaajan-ulkoiluystavien-perehdytys\/","url":"https:\/\/vanhustuki.fi\/index.php\/tapahtuma\/kesaajan-ulkoiluystavien-perehdytys\/","name":"Kes\u00e4ajan ulkoiluyst\u00e4vien perehdytys 6.5.2026 - Turun Seudun Vanhustuki ry","isPartOf":{"@id":"https:\/\/vanhustuki.fi\/#website"},"primaryImageOfPage":{"@id":"https:\/\/vanhustuki.fi\/index.php\/tapahtuma\/kesaajan-ulkoiluystavien-perehdytys\/#primaryimage"},"image":{"@id":"https:\/\/vanhustuki.fi\/index.php\/tapahtuma\/kesaajan-ulkoiluystavien-perehdytys\/#primaryimage"},"thumbnailUrl":"https:\/\/i0.wp.com\/vanhustuki.fi\/wp-content\/uploads\/2025\/11\/WhatsApp-Image-2024-08-20-at-10.58.56.jpg?fit=1655%2C1540&ssl=1","datePublished":"2026-03-10T11:57:32+00:00","dateModified":"2026-03-10T12:28:54+00:00","description":"Perehdyt\u00e4mme j\u00e4lleen kes\u00e4ajan ulkoiluyst\u00e4vi\u00e4 Turun Seudulla kotona asuville ik\u00e4\u00e4ntyneille. L\u00e4htisitk\u00f6 sin\u00e4 ulkoiluseuraksi ik\u00e4\u00e4ntyneelle?","breadcrumb":{"@id":"https:\/\/vanhustuki.fi\/index.php\/tapahtuma\/kesaajan-ulkoiluystavien-perehdytys\/#breadcrumb"},"inLanguage":"fi","potentialAction":[{"@type":"ReadAction","target":["https:\/\/vanhustuki.fi\/index.php\/tapahtuma\/kesaajan-ulkoiluystavien-perehdytys\/"]}]},{"@type":"ImageObject","inLanguage":"fi","@id":"https:\/\/vanhustuki.fi\/index.php\/tapahtuma\/kesaajan-ulkoiluystavien-perehdytys\/#primaryimage","url":"https:\/\/i0.wp.com\/vanhustuki.fi\/wp-content\/uploads\/2025\/11\/WhatsApp-Image-2024-08-20-at-10.58.56.jpg?fit=1655%2C1540&ssl=1","contentUrl":"https:\/\/i0.wp.com\/vanhustuki.fi\/wp-content\/uploads\/2025\/11\/WhatsApp-Image-2024-08-20-at-10.58.56.jpg?fit=1655%2C1540&ssl=1","width":1655,"height":1540,"caption":"Vapaaehtoinen toimii ik\u00e4\u00e4ntyneen yhdess\u00e4olo seurana ja yst\u00e4v\u00e4n\u00e4"},{"@type":"BreadcrumbList","@id":"https:\/\/vanhustuki.fi\/index.php\/tapahtuma\/kesaajan-ulkoiluystavien-perehdytys\/#breadcrumb","itemListElement":[{"@type":"ListItem","position":1,"name":"Etusivu","item":"https:\/\/vanhustuki.fi\/"},{"@type":"ListItem","position":2,"name":"Tapahtumat","item":"https:\/\/vanhustuki.fi\/index.php\/tapahtumat\/"},{"@type":"ListItem","position":3,"name":"Kes\u00e4ajan ulkoiluyst\u00e4vien perehdytys 6.5.2026"}]},{"@type":"WebSite","@id":"https:\/\/vanhustuki.fi\/#website","url":"https:\/\/vanhustuki.fi\/","name":"Turun Seudun Vanhustuki ry","description":"","publisher":{"@id":"https:\/\/vanhustuki.fi\/#organization"},"potentialAction":[{"@type":"SearchAction","target":{"@type":"EntryPoint","urlTemplate":"https:\/\/vanhustuki.fi\/?s={search_term_string}"},"query-input":{"@type":"PropertyValueSpecification","valueRequired":true,"valueName":"search_term_string"}}],"inLanguage":"fi"},{"@type":"Organization","@id":"https:\/\/vanhustuki.fi\/#organization","name":"Turun Seudun Vanhustuki ry","url":"https:\/\/vanhustuki.fi\/","logo":{"@type":"ImageObject","inLanguage":"fi","@id":"https:\/\/vanhustuki.fi\/#\/schema\/logo\/image\/","url":"https:\/\/i0.wp.com\/vanhustuki.fi\/wp-content\/uploads\/2025\/11\/logo-lapinakyva-tausta-scaled.png?fit=2543%2C2560&ssl=1","contentUrl":"https:\/\/i0.wp.com\/vanhustuki.fi\/wp-content\/uploads\/2025\/11\/logo-lapinakyva-tausta-scaled.png?fit=2543%2C2560&ssl=1","width":2543,"height":2560,"caption":"Turun Seudun Vanhustuki ry"},"image":{"@id":"https:\/\/vanhustuki.fi\/#\/schema\/logo\/image\/"}}]}},"jetpack_sharing_enabled":true,"_links":{"self":[{"href":"https:\/\/vanhustuki.fi\/index.php\/wp-json\/wp\/v2\/tribe_events\/4610","targetHints":{"allow":["GET"]}}],"collection":[{"href":"https:\/\/vanhustuki.fi\/index.php\/wp-json\/wp\/v2\/tribe_events"}],"about":[{"href":"https:\/\/vanhustuki.fi\/index.php\/wp-json\/wp\/v2\/types\/tribe_events"}],"author":[{"embeddable":true,"href":"https:\/\/vanhustuki.fi\/index.php\/wp-json\/wp\/v2\/users\/2"}],"version-history":[{"count":5,"href":"https:\/\/vanhustuki.fi\/index.php\/wp-json\/wp\/v2\/tribe_events\/4610\/revisions"}],"predecessor-version":[{"id":4620,"href":"https:\/\/vanhustuki.fi\/index.php\/wp-json\/wp\/v2\/tribe_events\/4610\/revisions\/4620"}],"wp:featuredmedia":[{"embeddable":true,"href":"https:\/\/vanhustuki.fi\/index.php\/wp-json\/wp\/v2\/media\/252"}],"wp:attachment":[{"href":"https:\/\/vanhustuki.fi\/index.php\/wp-json\/wp\/v2\/media?parent=4610"}],"wp:term":[{"taxonomy":"post_tag","embeddable":true,"href":"https:\/\/vanhustuki.fi\/index.php\/wp-json\/wp\/v2\/tags?post=4610"},{"taxonomy":"tribe_events_cat","embeddable":true,"href":"https:\/\/vanhustuki.fi\/index.php\/wp-json\/wp\/v2\/tribe_events_cat?post=4610"}],"curies":[{"name":"wp","href":"https:\/\/api.w.org\/{rel}","templated":true}]}}